{"id":16037,"date":"2020-04-29T18:42:40","date_gmt":"2020-04-29T18:42:40","guid":{"rendered":"https:\/\/inforest.com.ar\/noticias\/"},"modified":"2025-11-11T16:47:42","modified_gmt":"2025-11-11T19:47:42","slug":"noticias","status":"publish","type":"page","link":"https:\/\/inforest.com.ar\/pt-br\/noticias\/","title":{"rendered":"Not\u00edcias"},"content":{"rendered":"\t\t<div data-elementor-type=\"wp-page\" data-elementor-id=\"16037\" class=\"elementor elementor-16037\" data-elementor-post-type=\"page\">\n\t\t\t\t\t\t<section class=\"elementor-section elementor-top-section elementor-element elementor-element-90557f7 elementor-section-full_width elementor-section-height-min-height elementor-section-height-default elementor-section-items-middle\" data-id=\"90557f7\" data-element_type=\"section\" data-e-type=\"section\" data-settings=\"{&quot;background_background&quot;:&quot;classic&quot;}\">\n\t\t\t\t\t\t\t<div class=\"elementor-background-overlay\"><\/div>\n\t\t\t\t\t\t\t<div class=\"elementor-container elementor-column-gap-no\">\n\t\t\t\t\t<div class=\"elementor-column elementor-col-100 elementor-top-column elementor-element elementor-element-30f90bb\" data-id=\"30f90bb\" data-element_type=\"column\" data-e-type=\"column\">\n\t\t\t<div class=\"elementor-widget-wrap elementor-element-populated\">\n\t\t\t\t\t\t<div class=\"elementor-element elementor-element-44935dc elementor-widget elementor-widget-heading\" data-id=\"44935dc\" data-element_type=\"widget\" data-e-type=\"widget\" data-widget_type=\"heading.default\">\n\t\t\t\t<div class=\"elementor-widget-container\">\n\t\t\t\t\t<h2 class=\"elementor-heading-title elementor-size-default\">NOT\u00edCIAS<\/h2>\t\t\t\t<\/div>\n\t\t\t\t<\/div>\n\t\t\t\t\t<\/div>\n\t\t<\/div>\n\t\t\t\t\t<\/div>\n\t\t<\/section>\n\t\t\t\t<section class=\"elementor-section elementor-top-section elementor-element elementor-element-167f533 elementor-section-boxed elementor-section-height-default elementor-section-height-default\" data-id=\"167f533\" data-element_type=\"section\" data-e-type=\"section\">\n\t\t\t\t\t\t<div class=\"elementor-container elementor-column-gap-default\">\n\t\t\t\t\t<div class=\"elementor-column elementor-col-100 elementor-top-column elementor-element elementor-element-68a83b6\" data-id=\"68a83b6\" data-element_type=\"column\" data-e-type=\"column\">\n\t\t\t<div class=\"elementor-widget-wrap elementor-element-populated\">\n\t\t\t\t\t\t<div class=\"elementor-element elementor-element-901395d elementor-posts--align-left elementor-grid-3 elementor-grid-tablet-2 elementor-grid-mobile-1 elementor-posts--thumbnail-top elementor-card-shadow-yes elementor-posts__hover-gradient elementor-widget elementor-widget-posts\" data-id=\"901395d\" data-element_type=\"widget\" data-e-type=\"widget\" data-settings=\"{&quot;pagination_type&quot;:&quot;load_more_infinite_scroll&quot;,&quot;cards_columns&quot;:&quot;3&quot;,&quot;cards_columns_tablet&quot;:&quot;2&quot;,&quot;cards_columns_mobile&quot;:&quot;1&quot;,&quot;cards_row_gap&quot;:{&quot;unit&quot;:&quot;px&quot;,&quot;size&quot;:35,&quot;sizes&quot;:[]},&quot;cards_row_gap_tablet&quot;:{&quot;unit&quot;:&quot;px&quot;,&quot;size&quot;:&quot;&quot;,&quot;sizes&quot;:[]},&quot;cards_row_gap_mobile&quot;:{&quot;unit&quot;:&quot;px&quot;,&quot;size&quot;:&quot;&quot;,&quot;sizes&quot;:[]},&quot;load_more_spinner&quot;:{&quot;value&quot;:&quot;fas fa-spinner&quot;,&quot;library&quot;:&quot;fa-solid&quot;}}\" data-widget_type=\"posts.cards\">\n\t\t\t\t<div class=\"elementor-widget-container\">\n\t\t\t\t\t\t\t<div class=\"elementor-posts-container elementor-posts elementor-posts--skin-cards elementor-grid\" role=\"list\">\n\t\t\t\t<article class=\"elementor-post elementor-grid-item post-29317 post type-post status-publish format-standard has-post-thumbnail hentry category-noticias-pt-br\" role=\"listitem\">\n\t\t\t<div class=\"elementor-post__card\">\n\t\t\t\t<a class=\"elementor-post__thumbnail__link\" href=\"https:\/\/inforest.com.ar\/pt-br\/congreso-internacional-de-proteccion-civil-gestion-de-riesgos-y-emergencias-complejas\/\" tabindex=\"-1\" ><div class=\"elementor-post__thumbnail\"><img fetchpriority=\"high\" decoding=\"async\" width=\"738\" height=\"767\" src=\"https:\/\/inforest.com.ar\/wp-content\/uploads\/2025\/05\/not28.jpg\" class=\"attachment-full size-full wp-image-29236\" alt=\"\" srcset=\"https:\/\/inforest.com.ar\/wp-content\/uploads\/2025\/05\/not28.jpg 738w, https:\/\/inforest.com.ar\/wp-content\/uploads\/2025\/05\/not28-289x300.jpg 289w, https:\/\/inforest.com.ar\/wp-content\/uploads\/2025\/05\/not28-600x624.jpg 600w\" sizes=\"(max-width: 738px) 100vw, 738px\" \/><\/div><\/a>\n\t\t\t\t<div class=\"elementor-post__text\">\n\t\t\t\t<h3 class=\"elementor-post__title\">\n\t\t\t<a href=\"https:\/\/inforest.com.ar\/pt-br\/congreso-internacional-de-proteccion-civil-gestion-de-riesgos-y-emergencias-complejas\/\" >\n\t\t\t\tCongreso Internacional de protecci\u00f3n civil, gesti\u00f3n de riesgos y emergencias complejas\t\t\t<\/a>\n\t\t<\/h3>\n\t\t\t\t<div class=\"elementor-post__excerpt\">\n\t\t\t<p>Premios D\u00eda de la Industria 2024 El pasado 4 de septiembre, en el marco de la celebraci\u00f3n del D\u00eda de<\/p>\n\t\t<\/div>\n\t\t\n\t\t<a class=\"elementor-post__read-more\" href=\"https:\/\/inforest.com.ar\/pt-br\/congreso-internacional-de-proteccion-civil-gestion-de-riesgos-y-emergencias-complejas\/\" aria-label=\"Read more about Congreso Internacional de protecci\u00f3n civil, gesti\u00f3n de riesgos y emergencias complejas\" tabindex=\"-1\" >\n\t\t\tVer Mais\t\t<\/a>\n\n\t\t\t\t<\/div>\n\t\t\t\t\t<\/div>\n\t\t<\/article>\n\t\t\t\t<article class=\"elementor-post elementor-grid-item post-29308 post type-post status-publish format-standard has-post-thumbnail hentry category-noticias-pt-br\" role=\"listitem\">\n\t\t\t<div class=\"elementor-post__card\">\n\t\t\t\t<a class=\"elementor-post__thumbnail__link\" href=\"https:\/\/inforest.com.ar\/pt-br\/1o-congreso-de-prevencion-de-incendios-de-interfase\/\" tabindex=\"-1\" ><div class=\"elementor-post__thumbnail\"><img decoding=\"async\" width=\"755\" height=\"768\" src=\"https:\/\/inforest.com.ar\/wp-content\/uploads\/2025\/05\/not23.jpg\" class=\"attachment-full size-full wp-image-29208\" alt=\"\" srcset=\"https:\/\/inforest.com.ar\/wp-content\/uploads\/2025\/05\/not23.jpg 755w, https:\/\/inforest.com.ar\/wp-content\/uploads\/2025\/05\/not23-295x300.jpg 295w, https:\/\/inforest.com.ar\/wp-content\/uploads\/2025\/05\/not23-600x610.jpg 600w\" sizes=\"(max-width: 755px) 100vw, 755px\" \/><\/div><\/a>\n\t\t\t\t<div class=\"elementor-post__text\">\n\t\t\t\t<h3 class=\"elementor-post__title\">\n\t\t\t<a href=\"https:\/\/inforest.com.ar\/pt-br\/1o-congreso-de-prevencion-de-incendios-de-interfase\/\" >\n\t\t\t\t1\u00ba Congreso de Prevenci\u00f3n de Incendios de Interfase\t\t\t<\/a>\n\t\t<\/h3>\n\t\t\t\t<div class=\"elementor-post__excerpt\">\n\t\t\t<p>Premios D\u00eda de la Industria 2024 El pasado 4 de septiembre, en el marco de la celebraci\u00f3n del D\u00eda de<\/p>\n\t\t<\/div>\n\t\t\n\t\t<a class=\"elementor-post__read-more\" href=\"https:\/\/inforest.com.ar\/pt-br\/1o-congreso-de-prevencion-de-incendios-de-interfase\/\" aria-label=\"Read more about 1\u00ba Congreso de Prevenci\u00f3n de Incendios de Interfase\" tabindex=\"-1\" >\n\t\t\tVer Mais\t\t<\/a>\n\n\t\t\t\t<\/div>\n\t\t\t\t\t<\/div>\n\t\t<\/article>\n\t\t\t\t<article class=\"elementor-post elementor-grid-item post-29299 post type-post status-publish format-standard has-post-thumbnail hentry category-noticias-pt-br\" role=\"listitem\">\n\t\t\t<div class=\"elementor-post__card\">\n\t\t\t\t<a class=\"elementor-post__thumbnail__link\" href=\"https:\/\/inforest.com.ar\/pt-br\/uk-wildfire-conference-2024\/\" tabindex=\"-1\" ><div class=\"elementor-post__thumbnail\"><img decoding=\"async\" width=\"765\" height=\"761\" src=\"https:\/\/inforest.com.ar\/wp-content\/uploads\/2025\/05\/not20.jpg\" class=\"attachment-full size-full wp-image-29188\" alt=\"\" srcset=\"https:\/\/inforest.com.ar\/wp-content\/uploads\/2025\/05\/not20.jpg 765w, https:\/\/inforest.com.ar\/wp-content\/uploads\/2025\/05\/not20-300x298.jpg 300w, https:\/\/inforest.com.ar\/wp-content\/uploads\/2025\/05\/not20-150x150.jpg 150w, https:\/\/inforest.com.ar\/wp-content\/uploads\/2025\/05\/not20-600x597.jpg 600w, https:\/\/inforest.com.ar\/wp-content\/uploads\/2025\/05\/not20-100x100.jpg 100w\" sizes=\"(max-width: 765px) 100vw, 765px\" \/><\/div><\/a>\n\t\t\t\t<div class=\"elementor-post__text\">\n\t\t\t\t<h3 class=\"elementor-post__title\">\n\t\t\t<a href=\"https:\/\/inforest.com.ar\/pt-br\/uk-wildfire-conference-2024\/\" >\n\t\t\t\tUK Wildfire Conference 2024\t\t\t<\/a>\n\t\t<\/h3>\n\t\t\t\t<div class=\"elementor-post__excerpt\">\n\t\t\t<p>Premios D\u00eda de la Industria 2024 El pasado 4 de septiembre, en el marco de la celebraci\u00f3n del D\u00eda de<\/p>\n\t\t<\/div>\n\t\t\n\t\t<a class=\"elementor-post__read-more\" href=\"https:\/\/inforest.com.ar\/pt-br\/uk-wildfire-conference-2024\/\" aria-label=\"Read more about UK Wildfire Conference 2024\" tabindex=\"-1\" >\n\t\t\tVer Mais\t\t<\/a>\n\n\t\t\t\t<\/div>\n\t\t\t\t\t<\/div>\n\t\t<\/article>\n\t\t\t\t<article class=\"elementor-post elementor-grid-item post-29281 post type-post status-publish format-standard has-post-thumbnail hentry category-noticias-pt-br\" role=\"listitem\">\n\t\t\t<div class=\"elementor-post__card\">\n\t\t\t\t<a class=\"elementor-post__thumbnail__link\" href=\"https:\/\/inforest.com.ar\/pt-br\/gira-europea\/\" tabindex=\"-1\" ><div class=\"elementor-post__thumbnail\"><img loading=\"lazy\" decoding=\"async\" width=\"764\" height=\"769\" src=\"https:\/\/inforest.com.ar\/wp-content\/uploads\/2025\/05\/not15.jpg\" class=\"attachment-full size-full wp-image-29158\" alt=\"\" srcset=\"https:\/\/inforest.com.ar\/wp-content\/uploads\/2025\/05\/not15.jpg 764w, https:\/\/inforest.com.ar\/wp-content\/uploads\/2025\/05\/not15-298x300.jpg 298w, https:\/\/inforest.com.ar\/wp-content\/uploads\/2025\/05\/not15-150x150.jpg 150w, https:\/\/inforest.com.ar\/wp-content\/uploads\/2025\/05\/not15-600x604.jpg 600w, https:\/\/inforest.com.ar\/wp-content\/uploads\/2025\/05\/not15-100x100.jpg 100w\" sizes=\"(max-width: 764px) 100vw, 764px\" \/><\/div><\/a>\n\t\t\t\t<div class=\"elementor-post__text\">\n\t\t\t\t<h3 class=\"elementor-post__title\">\n\t\t\t<a href=\"https:\/\/inforest.com.ar\/pt-br\/gira-europea\/\" >\n\t\t\t\tGira Europea\t\t\t<\/a>\n\t\t<\/h3>\n\t\t\t\t<div class=\"elementor-post__excerpt\">\n\t\t\t<p>Premios D\u00eda de la Industria 2024 El pasado 4 de septiembre, en el marco de la celebraci\u00f3n del D\u00eda de<\/p>\n\t\t<\/div>\n\t\t\n\t\t<a class=\"elementor-post__read-more\" href=\"https:\/\/inforest.com.ar\/pt-br\/gira-europea\/\" aria-label=\"Read more about Gira Europea\" tabindex=\"-1\" >\n\t\t\tVer Mais\t\t<\/a>\n\n\t\t\t\t<\/div>\n\t\t\t\t\t<\/div>\n\t\t<\/article>\n\t\t\t\t<article class=\"elementor-post elementor-grid-item post-29290 post type-post status-publish format-standard has-post-thumbnail hentry category-noticias-pt-br\" role=\"listitem\">\n\t\t\t<div class=\"elementor-post__card\">\n\t\t\t\t<a class=\"elementor-post__thumbnail__link\" href=\"https:\/\/inforest.com.ar\/pt-br\/premios-empresario-del-ano-2024\/\" tabindex=\"-1\" ><div class=\"elementor-post__thumbnail\"><img loading=\"lazy\" decoding=\"async\" width=\"760\" height=\"674\" src=\"https:\/\/inforest.com.ar\/wp-content\/uploads\/2025\/05\/not12.jpg\" class=\"attachment-full size-full wp-image-29138\" alt=\"\" srcset=\"https:\/\/inforest.com.ar\/wp-content\/uploads\/2025\/05\/not12.jpg 760w, https:\/\/inforest.com.ar\/wp-content\/uploads\/2025\/05\/not12-300x266.jpg 300w, https:\/\/inforest.com.ar\/wp-content\/uploads\/2025\/05\/not12-600x532.jpg 600w\" sizes=\"(max-width: 760px) 100vw, 760px\" \/><\/div><\/a>\n\t\t\t\t<div class=\"elementor-post__text\">\n\t\t\t\t<h3 class=\"elementor-post__title\">\n\t\t\t<a href=\"https:\/\/inforest.com.ar\/pt-br\/premios-empresario-del-ano-2024\/\" >\n\t\t\t\tPremios Empresario del A\u00f1o 2024\t\t\t<\/a>\n\t\t<\/h3>\n\t\t\t\t<div class=\"elementor-post__excerpt\">\n\t\t\t<p>Premios D\u00eda de la Industria 2024 El pasado 4 de septiembre, en el marco de la celebraci\u00f3n del D\u00eda de<\/p>\n\t\t<\/div>\n\t\t\n\t\t<a class=\"elementor-post__read-more\" href=\"https:\/\/inforest.com.ar\/pt-br\/premios-empresario-del-ano-2024\/\" aria-label=\"Read more about Premios Empresario del A\u00f1o 2024\" tabindex=\"-1\" >\n\t\t\tVer Mais\t\t<\/a>\n\n\t\t\t\t<\/div>\n\t\t\t\t\t<\/div>\n\t\t<\/article>\n\t\t\t\t<article class=\"elementor-post elementor-grid-item post-29272 post type-post status-publish format-standard has-post-thumbnail hentry category-noticias-pt-br\" role=\"listitem\">\n\t\t\t<div class=\"elementor-post__card\">\n\t\t\t\t<a class=\"elementor-post__thumbnail__link\" href=\"https:\/\/inforest.com.ar\/pt-br\/premios-dia-de-la-industria-2024\/\" tabindex=\"-1\" ><div class=\"elementor-post__thumbnail\"><img loading=\"lazy\" decoding=\"async\" width=\"690\" height=\"678\" src=\"https:\/\/inforest.com.ar\/wp-content\/uploads\/2025\/05\/not9.jpg\" class=\"attachment-full size-full wp-image-29108\" alt=\"\" srcset=\"https:\/\/inforest.com.ar\/wp-content\/uploads\/2025\/05\/not9.jpg 690w, https:\/\/inforest.com.ar\/wp-content\/uploads\/2025\/05\/not9-300x295.jpg 300w, https:\/\/inforest.com.ar\/wp-content\/uploads\/2025\/05\/not9-600x590.jpg 600w\" sizes=\"(max-width: 690px) 100vw, 690px\" \/><\/div><\/a>\n\t\t\t\t<div class=\"elementor-post__text\">\n\t\t\t\t<h3 class=\"elementor-post__title\">\n\t\t\t<a href=\"https:\/\/inforest.com.ar\/pt-br\/premios-dia-de-la-industria-2024\/\" >\n\t\t\t\tPremios D\u00eda de la Industria 2024\t\t\t<\/a>\n\t\t<\/h3>\n\t\t\t\t<div class=\"elementor-post__excerpt\">\n\t\t\t<p>Premios D\u00eda de la Industria 2024 El pasado 4 de septiembre, en el marco de la celebraci\u00f3n del D\u00eda de<\/p>\n\t\t<\/div>\n\t\t\n\t\t<a class=\"elementor-post__read-more\" href=\"https:\/\/inforest.com.ar\/pt-br\/premios-dia-de-la-industria-2024\/\" aria-label=\"Read more about Premios D\u00eda de la Industria 2024\" tabindex=\"-1\" >\n\t\t\tVer Mais\t\t<\/a>\n\n\t\t\t\t<\/div>\n\t\t\t\t\t<\/div>\n\t\t<\/article>\n\t\t\t\t<\/div>\n\t\t\t\t\t<span class=\"e-load-more-spinner\">\n\t\t\t\t<i aria-hidden=\"true\" class=\"fas fa-spinner\"><\/i>\t\t\t<\/span>\n\t\t\n\t\t\t\t<div class=\"e-load-more-anchor\" data-page=\"1\" data-max-page=\"2\" data-next-page=\"https:\/\/inforest.com.ar\/pt-br\/wp-json\/wp\/v2\/pages\/16037\/page\/2\/\"><\/div>\n\t\t\t\t<div class=\"e-load-more-message\">No more posts to show<\/div>\n\t\t\t\t\t\t<\/div>\n\t\t\t\t<\/div>\n\t\t\t\t\t<\/div>\n\t\t<\/div>\n\t\t\t\t\t<\/div>\n\t\t<\/section>\n\t\t\t\t<\/div>\n\t\t","protected":false},"excerpt":{"rendered":"<p>NOT\u00edCIAS<\/p>\n","protected":false},"author":1,"featured_media":0,"parent":0,"menu_order":0,"comment_status":"closed","ping_status":"closed","template":"elementor_header_footer","meta":{"_acf_changed":false,"footnotes":""},"class_list":["post-16037","page","type-page","status-publish","hentry"],"acf":[],"yoast_head":"<!-- This site is optimized with the Yoast SEO plugin v27.0 - https:\/\/yoast.com\/product\/yoast-seo-wordpress\/ -->\n<title>Not\u00edcias - Inforest<\/title>\n<meta name=\"robots\" content=\"index, follow, max-snippet:-1, max-image-preview:large, max-video-preview:-1\" \/>\n<link rel=\"canonical\" href=\"https:\/\/inforest.com.ar\/pt-br\/noticias\/\" \/>\n<meta property=\"og:locale\" content=\"pt_BR\" \/>\n<meta property=\"og:type\" content=\"article\" \/>\n<meta property=\"og:title\" content=\"Not\u00edcias - Inforest\" \/>\n<meta property=\"og:description\" content=\"NOT\u00edCIAS\" \/>\n<meta property=\"og:url\" content=\"https:\/\/inforest.com.ar\/pt-br\/noticias\/\" \/>\n<meta property=\"og:site_name\" content=\"Inforest\" \/>\n<meta property=\"article:modified_time\" content=\"2025-11-11T19:47:42+00:00\" \/>\n<meta name=\"twitter:card\" content=\"summary_large_image\" \/>\n<meta name=\"twitter:label1\" content=\"Est. tempo de leitura\" \/>\n\t<meta name=\"twitter:data1\" content=\"5 minutos\" \/>\n<script type=\"application\/ld+json\" class=\"yoast-schema-graph\">{\"@context\":\"https:\/\/schema.org\",\"@graph\":[{\"@type\":\"WebPage\",\"@id\":\"https:\/\/inforest.com.ar\/pt-br\/noticias\/\",\"url\":\"https:\/\/inforest.com.ar\/pt-br\/noticias\/\",\"name\":\"Not\u00edcias - Inforest\",\"isPartOf\":{\"@id\":\"https:\/\/inforest.com.ar\/#website\"},\"datePublished\":\"2020-04-29T18:42:40+00:00\",\"dateModified\":\"2025-11-11T19:47:42+00:00\",\"breadcrumb\":{\"@id\":\"https:\/\/inforest.com.ar\/pt-br\/noticias\/#breadcrumb\"},\"inLanguage\":\"pt-BR\",\"potentialAction\":[{\"@type\":\"ReadAction\",\"target\":[\"https:\/\/inforest.com.ar\/pt-br\/noticias\/\"]}]},{\"@type\":\"BreadcrumbList\",\"@id\":\"https:\/\/inforest.com.ar\/pt-br\/noticias\/#breadcrumb\",\"itemListElement\":[{\"@type\":\"ListItem\",\"position\":1,\"name\":\"Portada\",\"item\":\"https:\/\/inforest.com.ar\/pt-br\/\"},{\"@type\":\"ListItem\",\"position\":2,\"name\":\"Not\u00edcias\"}]},{\"@type\":\"WebSite\",\"@id\":\"https:\/\/inforest.com.ar\/#website\",\"url\":\"https:\/\/inforest.com.ar\/\",\"name\":\"Inforest\",\"description\":\"L\u00edderes en Equipamientos para Incendios Forestales\",\"publisher\":{\"@id\":\"https:\/\/inforest.com.ar\/#organization\"},\"potentialAction\":[{\"@type\":\"SearchAction\",\"target\":{\"@type\":\"EntryPoint\",\"urlTemplate\":\"https:\/\/inforest.com.ar\/?s={search_term_string}\"},\"query-input\":{\"@type\":\"PropertyValueSpecification\",\"valueRequired\":true,\"valueName\":\"search_term_string\"}}],\"inLanguage\":\"pt-BR\"},{\"@type\":\"Organization\",\"@id\":\"https:\/\/inforest.com.ar\/#organization\",\"name\":\"Inforest\",\"url\":\"https:\/\/inforest.com.ar\/\",\"logo\":{\"@type\":\"ImageObject\",\"inLanguage\":\"pt-BR\",\"@id\":\"https:\/\/inforest.com.ar\/#\/schema\/logo\/image\/\",\"url\":\"https:\/\/inforest.com.ar\/wp-content\/uploads\/2022\/05\/logoinfo.svg\",\"contentUrl\":\"https:\/\/inforest.com.ar\/wp-content\/uploads\/2022\/05\/logoinfo.svg\",\"width\":118,\"height\":20,\"caption\":\"Inforest\"},\"image\":{\"@id\":\"https:\/\/inforest.com.ar\/#\/schema\/logo\/image\/\"}}]}<\/script>\n<!-- \/ Yoast SEO plugin. -->","yoast_head_json":{"title":"Not\u00edcias - Inforest","robots":{"index":"index","follow":"follow","max-snippet":"max-snippet:-1","max-image-preview":"max-image-preview:large","max-video-preview":"max-video-preview:-1"},"canonical":"https:\/\/inforest.com.ar\/pt-br\/noticias\/","og_locale":"pt_BR","og_type":"article","og_title":"Not\u00edcias - Inforest","og_description":"NOT\u00edCIAS","og_url":"https:\/\/inforest.com.ar\/pt-br\/noticias\/","og_site_name":"Inforest","article_modified_time":"2025-11-11T19:47:42+00:00","twitter_card":"summary_large_image","twitter_misc":{"Est. tempo de leitura":"5 minutos"},"schema":{"@context":"https:\/\/schema.org","@graph":[{"@type":"WebPage","@id":"https:\/\/inforest.com.ar\/pt-br\/noticias\/","url":"https:\/\/inforest.com.ar\/pt-br\/noticias\/","name":"Not\u00edcias - Inforest","isPartOf":{"@id":"https:\/\/inforest.com.ar\/#website"},"datePublished":"2020-04-29T18:42:40+00:00","dateModified":"2025-11-11T19:47:42+00:00","breadcrumb":{"@id":"https:\/\/inforest.com.ar\/pt-br\/noticias\/#breadcrumb"},"inLanguage":"pt-BR","potentialAction":[{"@type":"ReadAction","target":["https:\/\/inforest.com.ar\/pt-br\/noticias\/"]}]},{"@type":"BreadcrumbList","@id":"https:\/\/inforest.com.ar\/pt-br\/noticias\/#breadcrumb","itemListElement":[{"@type":"ListItem","position":1,"name":"Portada","item":"https:\/\/inforest.com.ar\/pt-br\/"},{"@type":"ListItem","position":2,"name":"Not\u00edcias"}]},{"@type":"WebSite","@id":"https:\/\/inforest.com.ar\/#website","url":"https:\/\/inforest.com.ar\/","name":"Inforest","description":"L\u00edderes en Equipamientos para Incendios Forestales","publisher":{"@id":"https:\/\/inforest.com.ar\/#organization"},"potentialAction":[{"@type":"SearchAction","target":{"@type":"EntryPoint","urlTemplate":"https:\/\/inforest.com.ar\/?s={search_term_string}"},"query-input":{"@type":"PropertyValueSpecification","valueRequired":true,"valueName":"search_term_string"}}],"inLanguage":"pt-BR"},{"@type":"Organization","@id":"https:\/\/inforest.com.ar\/#organization","name":"Inforest","url":"https:\/\/inforest.com.ar\/","logo":{"@type":"ImageObject","inLanguage":"pt-BR","@id":"https:\/\/inforest.com.ar\/#\/schema\/logo\/image\/","url":"https:\/\/inforest.com.ar\/wp-content\/uploads\/2022\/05\/logoinfo.svg","contentUrl":"https:\/\/inforest.com.ar\/wp-content\/uploads\/2022\/05\/logoinfo.svg","width":118,"height":20,"caption":"Inforest"},"image":{"@id":"https:\/\/inforest.com.ar\/#\/schema\/logo\/image\/"}}]}},"_links":{"self":[{"href":"https:\/\/inforest.com.ar\/pt-br\/wp-json\/wp\/v2\/pages\/16037","targetHints":{"allow":["GET"]}}],"collection":[{"href":"https:\/\/inforest.com.ar\/pt-br\/wp-json\/wp\/v2\/pages"}],"about":[{"href":"https:\/\/inforest.com.ar\/pt-br\/wp-json\/wp\/v2\/types\/page"}],"author":[{"embeddable":true,"href":"https:\/\/inforest.com.ar\/pt-br\/wp-json\/wp\/v2\/users\/1"}],"replies":[{"embeddable":true,"href":"https:\/\/inforest.com.ar\/pt-br\/wp-json\/wp\/v2\/comments?post=16037"}],"version-history":[{"count":19,"href":"https:\/\/inforest.com.ar\/pt-br\/wp-json\/wp\/v2\/pages\/16037\/revisions"}],"predecessor-version":[{"id":30732,"href":"https:\/\/inforest.com.ar\/pt-br\/wp-json\/wp\/v2\/pages\/16037\/revisions\/30732"}],"wp:attachment":[{"href":"https:\/\/inforest.com.ar\/pt-br\/wp-json\/wp\/v2\/media?parent=16037"}],"curies":[{"name":"wp","href":"https:\/\/api.w.org\/{rel}","templated":true}]}}